{"id":2577,"date":"2026-09-02T14:55:40","date_gmt":"2026-09-02T12:55:40","guid":{"rendered":"https:\/\/jukkahamalainen.fi\/eduskuntavaalit-27\/?page_id=2577"},"modified":"2026-09-02T14:55:41","modified_gmt":"2026-09-02T12:55:41","slug":"tietosuojaseloste","status":"publish","type":"page","link":"https:\/\/jukkahamalainen.fi\/eduskuntavaalit-27\/?page_id=2577","title":{"rendered":"Tietosuojaseloste"},"content":{"rendered":"\n<p class=\"wp-block-paragraph\"><strong>TIETOSUOJASELOSTE<\/strong><\/p>\n\n\n\n<p class=\"wp-block-paragraph\"><strong>Jukka H\u00e4m\u00e4l\u00e4inen \/ <a href=\"http:\/\/jukkahamalainen.fi\/\"><strong>jukkahamalainen.fi<\/strong><\/a><\/strong><br><strong>P\u00e4ivitetty 2.9.2026<\/strong><\/p>\n\n\n\n<p class=\"wp-block-paragraph\">T\u00e4ss\u00e4 tietosuojaselosteessa kerrotaan, miten <a href=\"http:\/\/jukkahamalainen.fi\/\">jukkahamalainen.fi<\/a>-verkkosivustolla ja Jukka H\u00e4m\u00e4l\u00e4isen vuoden 2027 eduskuntavaalikampanjassa k\u00e4sitell\u00e4\u00e4n henkil\u00f6tietoja.<\/p>\n\n\n\n<p class=\"wp-block-paragraph\">Henkil\u00f6tietoja k\u00e4sitell\u00e4\u00e4n EU:n yleisen tietosuoja-asetuksen (GDPR), kansallisen tietosuojalains\u00e4\u00e4d\u00e4nn\u00f6n ja muun soveltuvan lains\u00e4\u00e4d\u00e4nn\u00f6n mukaisesti.<\/p>\n\n\n\n<p class=\"wp-block-paragraph\"><strong>1. Rekisterinpit\u00e4j\u00e4<\/strong><\/p>\n\n\n\n<p class=\"wp-block-paragraph\"><strong>Jukka H\u00e4m\u00e4l\u00e4inen \/ Jukka H\u00e4m\u00e4l\u00e4isen eduskuntavaalikampanja 2027<\/strong><\/p>\n\n\n\n<p class=\"wp-block-paragraph\">S\u00e4hk\u00f6posti: <a href=\"mailto:jukka.hamalainen@icloud.com\"><strong>jukka.hamalainen@icloud.com<\/strong><\/a><br>Puhelin: <a href=\"tel:0400%20647%20171\"><strong>0400 647 171<\/strong><\/a><br>Verkkosivusto: <a href=\"http:\/\/jukkahamalainen.fi\/\"><strong>jukkahamalainen.fi<\/strong><\/a><\/p>\n\n\n\n<p class=\"wp-block-paragraph\">Tietosuojaa koskevissa asioissa ja rekister\u00f6idyn oikeuksien k\u00e4ytt\u00e4mist\u00e4 koskevissa pyynn\u00f6iss\u00e4 voi ottaa yhteytt\u00e4 yll\u00e4 olevaan s\u00e4hk\u00f6postiosoitteeseen.<\/p>\n\n\n\n<p class=\"wp-block-paragraph\"><strong>2. Mit\u00e4 henkil\u00f6tietoja k\u00e4sitell\u00e4\u00e4n?<\/strong><\/p>\n\n\n\n<p class=\"wp-block-paragraph\">Verkkosivuston ja vaalikampanjan yhteydess\u00e4 voidaan k\u00e4sitell\u00e4 seuraavia henkil\u00f6tietoja:<\/p>\n\n\n\n<p class=\"wp-block-paragraph\"><strong>Yhteydenotot<\/strong><\/p>\n\n\n\n<p class=\"wp-block-paragraph\">Kun henkil\u00f6 ottaa yhteytt\u00e4 s\u00e4hk\u00f6postitse, lomakkeella tai muulla tavoin, voidaan k\u00e4sitell\u00e4 esimerkiksi:<\/p>\n\n\n\n<ul class=\"wp-block-list\">\n<li>nimi<\/li>\n\n\n\n<li>s\u00e4hk\u00f6postiosoite<\/li>\n\n\n\n<li>puhelinnumero<\/li>\n\n\n\n<li>paikkakunta<\/li>\n\n\n\n<li>yhteydenoton sis\u00e4lt\u00f6<\/li>\n\n\n\n<li>muut henkil\u00f6n itse yhteydenotossaan antamat tiedot.<\/li>\n<\/ul>\n\n\n\n<p class=\"wp-block-paragraph\"><strong>Vaalikampanjan tukiryhm\u00e4<\/strong><\/p>\n\n\n\n<p class=\"wp-block-paragraph\">Tukiryhm\u00e4\u00e4n liittyv\u00e4st\u00e4 henkil\u00f6st\u00e4 voidaan k\u00e4sitell\u00e4 h\u00e4nen itse ilmoittamiaan tietoja, kuten:<\/p>\n\n\n\n<ul class=\"wp-block-list\">\n<li>nimi<\/li>\n\n\n\n<li>paikkakunta<\/li>\n\n\n\n<li>s\u00e4hk\u00f6postiosoite<\/li>\n\n\n\n<li>puhelinnumero<\/li>\n\n\n\n<li>mahdollinen tukikommentti tai suositus<\/li>\n\n\n\n<li>tiedot kiinnostuksesta osallistua kampanjan toimintaan<\/li>\n\n\n\n<li>muut henkil\u00f6n vapaaehtoisesti ilmoittamat kampanjaan liittyv\u00e4t tiedot<\/li>\n\n\n\n<li>annetut suostumukset ja niiden ajankohta.<\/li>\n<\/ul>\n\n\n\n<p class=\"wp-block-paragraph\">Tukiryhm\u00e4\u00e4n liittyminen tai muu ilmaistu tuki poliittiselle ehdokkaalle voi v\u00e4lillisesti ilmaista henkil\u00f6n poliittista mielipidett\u00e4. T\u00e4llainen tieto kuuluu EU:n tietosuoja-asetuksen tarkoittamiin erityisiin henkil\u00f6tietoryhmiin.<\/p>\n\n\n\n<p class=\"wp-block-paragraph\">N\u00e4iden tietojen k\u00e4sittely perustuu henkil\u00f6n <strong>nimenomaiseen ja vapaaehtoiseen suostumukseen<\/strong>.<\/p>\n\n\n\n<p class=\"wp-block-paragraph\"><strong>Verkkosivuston tekniset tiedot<\/strong><\/p>\n\n\n\n<p class=\"wp-block-paragraph\">Sivuston k\u00e4yt\u00f6n yhteydess\u00e4 palvelin tai sivuston tekniset j\u00e4rjestelm\u00e4t voivat k\u00e4sitell\u00e4 esimerkiksi:<\/p>\n\n\n\n<ul class=\"wp-block-list\">\n<li>IP-osoitetta<\/li>\n\n\n\n<li>selaimen ja laitteen teknisi\u00e4 tietoja<\/li>\n\n\n\n<li>vierailun ajankohtaa<\/li>\n\n\n\n<li>avattuja sivuja<\/li>\n\n\n\n<li>sivuston toimintaan ja tietoturvaan liittyvi\u00e4 lokitietoja.<\/li>\n<\/ul>\n\n\n\n<p class=\"wp-block-paragraph\">N\u00e4it\u00e4 tietoja k\u00e4ytet\u00e4\u00e4n verkkosivuston teknisen toiminnan ja tietoturvan varmistamiseen.<\/p>\n\n\n\n<p class=\"wp-block-paragraph\"><strong>3. Henkil\u00f6tietojen k\u00e4sittelyn tarkoitukset<\/strong><\/p>\n\n\n\n<p class=\"wp-block-paragraph\">Henkil\u00f6tietoja voidaan k\u00e4sitell\u00e4 seuraaviin tarkoituksiin:<\/p>\n\n\n\n<ul class=\"wp-block-list\">\n<li>yhteydenottoihin vastaaminen<\/li>\n\n\n\n<li>yhteydenpito kampanjan tukijoihin ja vapaaehtoisiin<\/li>\n\n\n\n<li>vuoden 2027 eduskuntavaalikampanjan suunnittelu, j\u00e4rjest\u00e4minen ja toteuttaminen<\/li>\n\n\n\n<li>kampanjatilaisuuksista ja kampanjan toiminnasta tiedottaminen<\/li>\n\n\n\n<li>tukiryhm\u00e4n yll\u00e4pit\u00e4minen<\/li>\n\n\n\n<li>henkil\u00f6n suostumuksella h\u00e4nen tukensa tai suosittelunsa julkaiseminen<\/li>\n\n\n\n<li>verkkosivuston yll\u00e4pito, tekninen toiminta ja tietoturva<\/li>\n\n\n\n<li>mahdollisten v\u00e4\u00e4rink\u00e4yt\u00f6sten est\u00e4minen<\/li>\n\n\n\n<li>lakis\u00e4\u00e4teisten velvoitteiden t\u00e4ytt\u00e4minen.<\/li>\n<\/ul>\n\n\n\n<p class=\"wp-block-paragraph\">Henkil\u00f6tietoja ei k\u00e4ytet\u00e4 tarkoituksiin, jotka ovat ristiriidassa niiden alkuper\u00e4isen ker\u00e4\u00e4mistarkoituksen kanssa.<\/p>\n\n\n\n<p class=\"wp-block-paragraph\"><strong>4. Henkil\u00f6tietojen k\u00e4sittelyn oikeusperusteet<\/strong><\/p>\n\n\n\n<p class=\"wp-block-paragraph\">Henkil\u00f6tietojen k\u00e4sittely perustuu tilanteesta riippuen:<\/p>\n\n\n\n<p class=\"wp-block-paragraph\"><strong>Suostumukseen<\/strong><br>(GDPR 6 artiklan 1 kohdan a alakohta)<\/p>\n\n\n\n<p class=\"wp-block-paragraph\">T\u00e4t\u00e4 perustetta k\u00e4ytet\u00e4\u00e4n erityisesti silloin, kun henkil\u00f6 liittyy kampanjan tukiryhm\u00e4\u00e4n, tilaa kampanjaviestint\u00e4\u00e4 tai antaa luvan tietojensa julkaisemiseen.<\/p>\n\n\n\n<p class=\"wp-block-paragraph\"><strong>Nimenomaiseen suostumukseen erityisten henkil\u00f6tietoryhmien k\u00e4sittelyss\u00e4<\/strong><br>(GDPR 9 artiklan 2 kohdan a alakohta)<\/p>\n\n\n\n<p class=\"wp-block-paragraph\">T\u00e4t\u00e4 perustetta k\u00e4ytet\u00e4\u00e4n silloin, kun henkil\u00f6n antamista tiedoista voidaan p\u00e4\u00e4tell\u00e4 h\u00e4nen poliittinen mielipiteens\u00e4 tai poliittinen tukensa.<\/p>\n\n\n\n<p class=\"wp-block-paragraph\"><strong>Rekisterinpit\u00e4j\u00e4n oikeutettuun etuun<\/strong><br>(GDPR 6 artiklan 1 kohdan f alakohta)<\/p>\n\n\n\n<p class=\"wp-block-paragraph\">Oikeutettua etua voidaan k\u00e4ytt\u00e4\u00e4 esimerkiksi henkil\u00f6n oma-aloitteiseen yhteydenottoon vastaamiseen sek\u00e4 verkkosivuston teknisen toiminnan ja tietoturvan varmistamiseen.<\/p>\n\n\n\n<p class=\"wp-block-paragraph\"><strong>Lakis\u00e4\u00e4teiseen velvoitteeseen<\/strong><br>(GDPR 6 artiklan 1 kohdan c alakohta)<\/p>\n\n\n\n<p class=\"wp-block-paragraph\">Tietoja voidaan k\u00e4sitell\u00e4 silloin, kun voimassa oleva lains\u00e4\u00e4d\u00e4nt\u00f6 sit\u00e4 edellytt\u00e4\u00e4.<\/p>\n\n\n\n<p class=\"wp-block-paragraph\"><strong>5. Tukijoiden tietojen julkaiseminen<\/strong><\/p>\n\n\n\n<p class=\"wp-block-paragraph\"><a href=\"http:\/\/jukkahamalainen.fi\/\">Jukkahamalainen.fi<\/a>-sivustolla voidaan julkaista kampanjaa tukevien henkil\u00f6iden:<\/p>\n\n\n\n<ul class=\"wp-block-list\">\n<li>nimi<\/li>\n\n\n\n<li>paikkakunta<\/li>\n\n\n\n<li>henkil\u00f6n itse antama tukikommentti tai suositus.<\/li>\n<\/ul>\n\n\n\n<p class=\"wp-block-paragraph\">Tietoja julkaistaan <strong>ainoastaan henkil\u00f6n erikseen antamalla suostumuksella<\/strong>.<\/p>\n\n\n\n<p class=\"wp-block-paragraph\">Tukiryhm\u00e4\u00e4n liittyminen ei edellyt\u00e4 suostumusta nimen tai muiden henkil\u00f6tietojen julkaisemiseen. Henkil\u00f6 voi siis osallistua tukiryhm\u00e4\u00e4n my\u00f6s ilman, ett\u00e4 h\u00e4nen nime\u00e4\u00e4n julkaistaan verkkosivustolla.<\/p>\n\n\n\n<p class=\"wp-block-paragraph\">Julkaisusuostumuksen voi peruuttaa milloin tahansa. T\u00e4ll\u00f6in tiedot poistetaan <a href=\"http:\/\/jukkahamalainen.fi\/\">jukkahamalainen.fi<\/a>-sivustolta ilman aiheetonta viivytyst\u00e4.<\/p>\n\n\n\n<p class=\"wp-block-paragraph\">Internetiss\u00e4 jo julkaistuja tietoja on kuitenkin voinut tallentua esimerkiksi hakukoneiden v\u00e4limuisteihin tai muihin ulkopuolisiin palveluihin, joiden toimintaan rekisterinpit\u00e4j\u00e4 ei voi suoraan vaikuttaa.<\/p>\n\n\n\n<p class=\"wp-block-paragraph\"><strong>6. Mist\u00e4 henkil\u00f6tiedot saadaan?<\/strong><\/p>\n\n\n\n<p class=\"wp-block-paragraph\">Henkil\u00f6tiedot saadaan p\u00e4\u00e4s\u00e4\u00e4nt\u00f6isesti suoraan henkil\u00f6lt\u00e4 itselt\u00e4\u00e4n esimerkiksi:<\/p>\n\n\n\n<ul class=\"wp-block-list\">\n<li>tukiryhm\u00e4\u00e4n ilmoittautumisen yhteydess\u00e4<\/li>\n\n\n\n<li>verkkosivuston lomakkeiden kautta<\/li>\n\n\n\n<li>s\u00e4hk\u00f6postitse<\/li>\n\n\n\n<li>puhelimitse<\/li>\n\n\n\n<li>henkil\u00f6kohtaisesti kampanjan yhteydess\u00e4.<\/li>\n<\/ul>\n\n\n\n<p class=\"wp-block-paragraph\">Verkkosivuston teknisi\u00e4 tietoja voidaan saada automaattisesti k\u00e4ytt\u00e4j\u00e4n selaimelta, p\u00e4\u00e4telaitteelta ja verkkopalvelimelta.<\/p>\n\n\n\n<p class=\"wp-block-paragraph\"><strong>7. Tietojen luovuttaminen ja vastaanottajat<\/strong><\/p>\n\n\n\n<p class=\"wp-block-paragraph\">Henkil\u00f6tietoja k\u00e4sittelev\u00e4t vain ne henkil\u00f6t, joille se on kampanjan toteuttamisen tai verkkosivuston yll\u00e4pidon vuoksi tarpeellista.<\/p>\n\n\n\n<p class=\"wp-block-paragraph\">Tietojen k\u00e4sittelyss\u00e4 voidaan k\u00e4ytt\u00e4\u00e4 ulkopuolisia palveluntarjoajia, kuten:<\/p>\n\n\n\n<ul class=\"wp-block-list\">\n<li>verkkosivuston hosting- ja yll\u00e4pitopalveluita<\/li>\n\n\n\n<li>s\u00e4hk\u00f6postipalveluita<\/li>\n\n\n\n<li>lomake- ja tietoj\u00e4rjestelm\u00e4palveluita<\/li>\n\n\n\n<li>tietoturva- ja varmuuskopiointipalveluita.<\/li>\n<\/ul>\n\n\n\n<p class=\"wp-block-paragraph\">Palveluntarjoajat k\u00e4sittelev\u00e4t henkil\u00f6tietoja vain soveltuvan lains\u00e4\u00e4d\u00e4nn\u00f6n ja niiden kanssa sovittujen tietosuojavelvoitteiden mukaisesti.<\/p>\n\n\n\n<p class=\"wp-block-paragraph\">Henkil\u00f6tietoja ei myyd\u00e4 eik\u00e4 luovuteta kaupalliseen suoramarkkinointiin.<\/p>\n\n\n\n<p class=\"wp-block-paragraph\">Tietoja voidaan luovuttaa viranomaiselle silloin, kun laki sit\u00e4 edellytt\u00e4\u00e4.<\/p>\n\n\n\n<p class=\"wp-block-paragraph\">Tukijan nimi, paikkakunta ja mahdollinen tukikommentti voidaan julkaista internetiss\u00e4 vain henkil\u00f6n erillisen suostumuksen perusteella.<\/p>\n\n\n\n<p class=\"wp-block-paragraph\"><strong>8. Tietojen siirt\u00e4minen EU:n tai ETA-alueen ulkopuolelle<\/strong><\/p>\n\n\n\n<p class=\"wp-block-paragraph\">Osa verkkosivuston, s\u00e4hk\u00f6postin tai muiden teknisten palveluiden palveluntarjoajista voi k\u00e4sitell\u00e4 tietoja my\u00f6s EU:n tai Euroopan talousalueen ulkopuolella.<\/p>\n\n\n\n<p class=\"wp-block-paragraph\">Jos henkil\u00f6tietoja siirret\u00e4\u00e4n EU:n tai ETA-alueen ulkopuolelle, siirrossa huolehditaan EU:n tietosuoja-asetuksen edellytt\u00e4mist\u00e4 asianmukaisista suojatoimista, kuten Euroopan komission tietosuojan riitt\u00e4vyytt\u00e4 koskevasta p\u00e4\u00e4t\u00f6ksest\u00e4 tai hyv\u00e4ksytyist\u00e4 vakiosopimuslausekkeista.<\/p>\n\n\n\n<p class=\"wp-block-paragraph\"><strong>9. Henkil\u00f6tietojen s\u00e4ilytt\u00e4minen<\/strong><\/p>\n\n\n\n<p class=\"wp-block-paragraph\">Henkil\u00f6tietoja s\u00e4ilytet\u00e4\u00e4n vain niin kauan kuin se on niiden k\u00e4ytt\u00f6tarkoituksen kannalta tarpeellista.<\/p>\n\n\n\n<p class=\"wp-block-paragraph\">Yhteydenottoihin liittyv\u00e4t tiedot poistetaan, kun niiden s\u00e4ilytt\u00e4miselle ei en\u00e4\u00e4 ole perusteltua tarvetta.<\/p>\n\n\n\n<p class=\"wp-block-paragraph\">Vuoden 2027 eduskuntavaalikampanjan tukiryhm\u00e4\u00e4n liittyvi\u00e4 tietoja s\u00e4ilytet\u00e4\u00e4n kampanjan toteuttamisen ja siihen v\u00e4litt\u00f6m\u00e4sti liittyv\u00e4n yhteydenpidon ajan. Kampanjan p\u00e4\u00e4tytty\u00e4 tietojen s\u00e4ilytt\u00e4misen tarpeellisuus arvioidaan ja tarpeettomat henkil\u00f6tiedot poistetaan.<\/p>\n\n\n\n<p class=\"wp-block-paragraph\">Tietoja voidaan s\u00e4ilytt\u00e4\u00e4 pidemp\u00e4\u00e4n, jos henkil\u00f6 on antanut siihen erillisen suostumuksen tai jos tietojen s\u00e4ilytt\u00e4miseen on lakis\u00e4\u00e4teinen velvollisuus.<\/p>\n\n\n\n<p class=\"wp-block-paragraph\">Suostumuksen peruuttamisen j\u00e4lkeen suostumukseen perustuva k\u00e4sittely lopetetaan, ellei tietojen s\u00e4ilytt\u00e4miselle ole muuta lainmukaista perustetta.<\/p>\n\n\n\n<p class=\"wp-block-paragraph\"><strong>10. Tietojen suojaaminen<\/strong><\/p>\n\n\n\n<p class=\"wp-block-paragraph\">Henkil\u00f6tietoja k\u00e4sitell\u00e4\u00e4n luottamuksellisesti.<\/p>\n\n\n\n<p class=\"wp-block-paragraph\">Tietojen suojaamisessa k\u00e4ytet\u00e4\u00e4n tarkoituksenmukaisia teknisi\u00e4 ja organisatorisia turvatoimia. Henkil\u00f6tietoihin p\u00e4\u00e4sy rajataan henkil\u00f6ihin, jotka tarvitsevat tietoja teht\u00e4viens\u00e4 hoitamiseksi.<\/p>\n\n\n\n<p class=\"wp-block-paragraph\">Verkkopalvelun, k\u00e4ytt\u00e4j\u00e4tilien ja muiden j\u00e4rjestelmien suojaamisessa k\u00e4ytet\u00e4\u00e4n asianmukaisia k\u00e4ytt\u00f6oikeuksia, salasanoja ja muita tietoturvamenetelmi\u00e4.<\/p>\n\n\n\n<p class=\"wp-block-paragraph\"><strong>11. Ev\u00e4steet<\/strong><\/p>\n\n\n\n<p class=\"wp-block-paragraph\"><a href=\"http:\/\/jukkahamalainen.fi\/\">Jukkahamalainen.fi<\/a>-verkkosivusto voi k\u00e4ytt\u00e4\u00e4 ev\u00e4steit\u00e4 ja niit\u00e4 vastaavia teknologioita sivuston teknisen toiminnan mahdollistamiseksi.<\/p>\n\n\n\n<p class=\"wp-block-paragraph\">Sivuston toiminnan kannalta v\u00e4ltt\u00e4m\u00e4tt\u00f6mi\u00e4 ev\u00e4steit\u00e4 voidaan k\u00e4ytt\u00e4\u00e4 ilman erillist\u00e4 suostumusta.<\/p>\n\n\n\n<p class=\"wp-block-paragraph\">Muiden kuin v\u00e4ltt\u00e4m\u00e4tt\u00f6mien ev\u00e4steiden, kuten mahdollisten k\u00e4vij\u00e4analytiikka-, markkinointi- tai kolmannen osapuolen sis\u00e4lt\u00f6ihin liittyvien ev\u00e4steiden k\u00e4ytt\u00f6 perustuu k\u00e4ytt\u00e4j\u00e4n suostumukseen silloin, kun lains\u00e4\u00e4d\u00e4nt\u00f6 edellytt\u00e4\u00e4 suostumusta.<\/p>\n\n\n\n<p class=\"wp-block-paragraph\">K\u00e4ytt\u00e4j\u00e4ll\u00e4 tulee olla mahdollisuus hyv\u00e4ksy\u00e4 tai hyl\u00e4t\u00e4 muut kuin v\u00e4ltt\u00e4m\u00e4tt\u00f6m\u00e4t ev\u00e4steet sek\u00e4 my\u00f6hemmin muuttaa tekem\u00e4\u00e4ns\u00e4 valintaa.<\/p>\n\n\n\n<p class=\"wp-block-paragraph\">Sivusto voi sis\u00e4lt\u00e4\u00e4 linkkej\u00e4 ulkopuolisiin palveluihin, kuten sosiaaliseen mediaan. Pelk\u00e4n linkin kautta siirtymisen j\u00e4lkeen kyseisen ulkopuolisen palvelun tietosuojak\u00e4yt\u00e4nn\u00f6t ovat voimassa.<\/p>\n\n\n\n<p class=\"wp-block-paragraph\"><strong>12. Rekister\u00f6idyn oikeudet<\/strong><\/p>\n\n\n\n<p class=\"wp-block-paragraph\">Rekister\u00f6idyll\u00e4 on soveltuvan tietosuojalains\u00e4\u00e4d\u00e4nn\u00f6n mukaisesti oikeus:<\/p>\n\n\n\n<ul class=\"wp-block-list\">\n<li>saada tiet\u00e4\u00e4, k\u00e4sitell\u00e4\u00e4nk\u00f6 h\u00e4nt\u00e4 koskevia henkil\u00f6tietoja<\/li>\n\n\n\n<li>saada p\u00e4\u00e4sy omiin henkil\u00f6tietoihinsa<\/li>\n\n\n\n<li>pyyt\u00e4\u00e4 virheellisten tai puutteellisten tietojen korjaamista<\/li>\n\n\n\n<li>pyyt\u00e4\u00e4 henkil\u00f6tietojen poistamista<\/li>\n\n\n\n<li>pyyt\u00e4\u00e4 henkil\u00f6tietojen k\u00e4sittelyn rajoittamista<\/li>\n\n\n\n<li>vastustaa oikeutettuun etuun perustuvaa henkil\u00f6tietojen k\u00e4sittely\u00e4<\/li>\n\n\n\n<li>saada tietyiss\u00e4 tilanteissa itse toimittamansa tiedot koneellisesti luettavassa muodossa ja siirt\u00e4\u00e4 ne toiselle rekisterinpit\u00e4j\u00e4lle<\/li>\n\n\n\n<li>peruuttaa antamansa suostumus milloin tahansa.<\/li>\n<\/ul>\n\n\n\n<p class=\"wp-block-paragraph\">Suostumuksen peruuttaminen ei vaikuta ennen peruuttamista suoritetun k\u00e4sittelyn lainmukaisuuteen.<\/p>\n\n\n\n<p class=\"wp-block-paragraph\">Tietosuojaa koskevan pyynn\u00f6n voi l\u00e4hett\u00e4\u00e4 osoitteeseen:<\/p>\n\n\n\n<p class=\"wp-block-paragraph\"><strong><a href=\"mailto:jukka.hamalainen@icloud.com\">jukka.hamalainen@icloud.com<\/a><\/strong><\/p>\n\n\n\n<p class=\"wp-block-paragraph\">Pyynn\u00f6n esitt\u00e4j\u00e4n henkil\u00f6llisyys voidaan tarvittaessa varmistaa ennen tietojen luovuttamista tai muuttamista.<\/p>\n\n\n\n<p class=\"wp-block-paragraph\"><strong>13. Oikeus tehd\u00e4 valitus<\/strong><\/p>\n\n\n\n<p class=\"wp-block-paragraph\">Jos henkil\u00f6 katsoo, ett\u00e4 h\u00e4nen henkil\u00f6tietojaan on k\u00e4sitelty tietosuojas\u00e4\u00e4nn\u00f6sten vastaisesti, h\u00e4nell\u00e4 on oikeus tehd\u00e4 valitus valvontaviranomaiselle.<\/p>\n\n\n\n<p class=\"wp-block-paragraph\">Suomessa valvontaviranomainen on <strong>Tietosuojavaltuutetun toimisto<\/strong>.<\/p>\n\n\n\n<p class=\"wp-block-paragraph\"><strong>14. Automaattinen p\u00e4\u00e4t\u00f6ksenteko ja profilointi<\/strong><\/p>\n\n\n\n<p class=\"wp-block-paragraph\">Henkil\u00f6tietoja ei k\u00e4ytet\u00e4 sellaisen automaattisen p\u00e4\u00e4t\u00f6ksenteon tai profiloinnin perusteena, jolla olisi rekister\u00f6ity\u00e4 koskevia oikeusvaikutuksia tai muita vastaavalla tavalla merkitt\u00e4vi\u00e4 vaikutuksia.<\/p>\n\n\n\n<p class=\"wp-block-paragraph\"><strong>15. Tietosuojaselosteen muuttaminen<\/strong><\/p>\n\n\n\n<p class=\"wp-block-paragraph\">T\u00e4t\u00e4 tietosuojaselostetta voidaan p\u00e4ivitt\u00e4\u00e4, jos verkkosivuston toiminta, vaalikampanjan henkil\u00f6tietojen k\u00e4sittely tai sovellettava lains\u00e4\u00e4d\u00e4nt\u00f6 muuttuu.<\/p>\n\n\n\n<p class=\"wp-block-paragraph\">Ajantasainen tietosuojaseloste julkaistaan <a href=\"http:\/\/jukkahamalainen.fi\/\">jukkahamalainen.fi<\/a>-verkkosivustolla.<\/p>\n\n\n\n<p class=\"wp-block-paragraph\"><\/p>\n","protected":false},"excerpt":{"rendered":"<p>TIETOSUOJASELOSTE Jukka H\u00e4m\u00e4l\u00e4inen \/ jukkahamalainen.fiP\u00e4ivitetty 2.9.2026 T\u00e4ss\u00e4 tietosuojaselosteessa kerrotaan, miten jukkahamalainen.fi-verkkosivustolla ja Jukka H\u00e4m\u00e4l\u00e4isen vuoden 2027 eduskuntavaalikampanjassa k\u00e4sitell\u00e4\u00e4n henkil\u00f6tietoja. Henkil\u00f6tietoja k\u00e4sitell\u00e4\u00e4n EU:n yleisen tietosuoja-asetuksen (GDPR), kansallisen tietosuojalains\u00e4\u00e4d\u00e4nn\u00f6n ja muun soveltuvan lains\u00e4\u00e4d\u00e4nn\u00f6n mukaisesti. 1. Rekisterinpit\u00e4j\u00e4 Jukka H\u00e4m\u00e4l\u00e4inen \/ Jukka H\u00e4m\u00e4l\u00e4isen eduskuntavaalikampanja 2027 S\u00e4hk\u00f6posti: jukka.hamalainen@icloud.comPuhelin: 0400 647 171Verkkosivusto: jukkahamalainen.fi Tietosuojaa koskevissa asioissa ja rekister\u00f6idyn oikeuksien k\u00e4ytt\u00e4mist\u00e4 koskevissa<\/p><\/div>\n<div class=\"blog-btn\"><a href=\"https:\/\/jukkahamalainen.fi\/eduskuntavaalit-27\/?page_id=2577\" class=\"home-blog-btn\">Lue lis\u00e4\u00e4<\/a><\/p>\n","protected":false},"author":1,"featured_media":0,"parent":0,"menu_order":0,"comment_status":"closed","ping_status":"closed","template":"","meta":{"footnotes":""},"class_list":["post-2577","page","type-page","status-publish","hentry"],"_links":{"self":[{"href":"https:\/\/jukkahamalainen.fi\/eduskuntavaalit-27\/index.php?rest_route=\/wp\/v2\/pages\/2577","targetHints":{"allow":["GET"]}}],"collection":[{"href":"https:\/\/jukkahamalainen.fi\/eduskuntavaalit-27\/index.php?rest_route=\/wp\/v2\/pages"}],"about":[{"href":"https:\/\/jukkahamalainen.fi\/eduskuntavaalit-27\/index.php?rest_route=\/wp\/v2\/types\/page"}],"author":[{"embeddable":true,"href":"https:\/\/jukkahamalainen.fi\/eduskuntavaalit-27\/index.php?rest_route=\/wp\/v2\/users\/1"}],"replies":[{"embeddable":true,"href":"https:\/\/jukkahamalainen.fi\/eduskuntavaalit-27\/index.php?rest_route=%2Fwp%2Fv2%2Fcomments&post=2577"}],"version-history":[{"count":1,"href":"https:\/\/jukkahamalainen.fi\/eduskuntavaalit-27\/index.php?rest_route=\/wp\/v2\/pages\/2577\/revisions"}],"predecessor-version":[{"id":2578,"href":"https:\/\/jukkahamalainen.fi\/eduskuntavaalit-27\/index.php?rest_route=\/wp\/v2\/pages\/2577\/revisions\/2578"}],"wp:attachment":[{"href":"https:\/\/jukkahamalainen.fi\/eduskuntavaalit-27\/index.php?rest_route=%2Fwp%2Fv2%2Fmedia&parent=2577"}],"curies":[{"name":"wp","href":"https:\/\/api.w.org\/{rel}","templated":true}]}}